{"id":369400,"date":"2022-03-18T17:54:19","date_gmt":"2022-03-18T16:54:19","guid":{"rendered":"https:\/\/pglorieta.com\/neumologia\/"},"modified":"2022-05-16T11:32:45","modified_gmt":"2022-05-16T09:32:45","slug":"neumologia","status":"publish","type":"page","link":"https:\/\/pglorieta.com\/es\/neumologia\/","title":{"rendered":"Neumolog\u00eda"},"content":{"rendered":"<p>[et_pb_section fb_built=\u00bb1&#8243; fullwidth=\u00bbon\u00bb disabled_on=\u00bbon|off|off\u00bb _builder_version=\u00bb4.16&#8243; background_enable_image=\u00bboff\u00bb custom_padding=\u00bb|||\u00bb global_colors_info=\u00bb{}\u00bb][et_pb_fullwidth_header text_orientation=\u00bbcenter\u00bb background_overlay_color=\u00bbRGBA(255,255,255,0)\u00bb module_class=\u00bbdct-header-title\u00bb _builder_version=\u00bb4.16.0&#8243; title_font=\u00bb|700|||||||\u00bb title_text_color=\u00bb#000000&#8243; content_font=\u00bb||||||||\u00bb background_enable_color=\u00bboff\u00bb background_image=\u00bbhttps:\/\/pglorieta.com\/wp-content\/uploads\/2022\/03\/Lungenfacharzt-Denia.jpg\u00bb background_blend=\u00bboverlay\u00bb background_layout=\u00bblight\u00bb custom_padding=\u00bb125px||||false|false\u00bb custom_padding_tablet=\u00bb\u00bb custom_padding_phone=\u00bb50px|||\u00bb custom_padding_last_edited=\u00bbon|phone\u00bb title_font_size_tablet=\u00bb\u00bb title_font_size_phone=\u00bb28px\u00bb title_font_size_last_edited=\u00bbon|desktop\u00bb title_text_shadow_style=\u00bbpreset5&#8243; title_text_shadow_color=\u00bb#FFFFFF\u00bb text_shadow_style=\u00bbpreset3&#8243; text_shadow_color=\u00bb#FFFFFF\u00bb global_colors_info=\u00bb{%22gcid-0a4b8514-58d9-4d28-81c8-4795182d86df%22:%91%22background_color%22%93}\u00bb button_one_text_size__hover_enabled=\u00bboff\u00bb button_two_text_size__hover_enabled=\u00bboff\u00bb button_one_text_color__hover_enabled=\u00bboff\u00bb button_two_text_color__hover_enabled=\u00bboff\u00bb button_one_border_width__hover_enabled=\u00bboff\u00bb button_two_border_width__hover_enabled=\u00bboff\u00bb button_one_border_color__hover_enabled=\u00bboff\u00bb button_two_border_color__hover_enabled=\u00bboff\u00bb button_one_border_radius__hover_enabled=\u00bboff\u00bb button_two_border_radius__hover_enabled=\u00bboff\u00bb button_one_letter_spacing__hover_enabled=\u00bboff\u00bb button_two_letter_spacing__hover_enabled=\u00bboff\u00bb button_one_bg_color__hover_enabled=\u00bboff\u00bb button_two_bg_color__hover_enabled=\u00bboff\u00bb]<\/p>\n<h1 style=\"text-align: center;\"><\/h1>\n<h1 style=\"text-align: center;\">Tu neum\u00f3logo en D\u00e9nia<\/h1>\n<h1><\/h1>\n<p>[\/et_pb_fullwidth_header][\/et_pb_section][et_pb_section fb_built=\u00bb1&#8243; fullwidth=\u00bbon\u00bb _builder_version=\u00bb4.16&#8243; _module_preset=\u00bbdefault\u00bb global_colors_info=\u00bb{}\u00bb][et_pb_fullwidth_header title=\u00bbTu neum\u00f3logo en D\u00e9nia\u00bb disabled_on=\u00bboff|on|on\u00bb _builder_version=\u00bb4.16.0&#8243; _module_preset=\u00bbdefault\u00bb title_text_align=\u00bbcenter\u00bb global_colors_info=\u00bb{}\u00bb][\/et_pb_fullwidth_header][\/et_pb_section][et_pb_section fb_built=\u00bb1&#8243; _builder_version=\u00bb4.16&#8243; _module_preset=\u00bbdefault\u00bb global_colors_info=\u00bb{}\u00bb][et_pb_row _builder_version=\u00bb4.16&#8243; _module_preset=\u00bbdefault\u00bb global_colors_info=\u00bb{}\u00bb][et_pb_column type=\u00bb4_4&#8243; _builder_version=\u00bb4.16&#8243; _module_preset=\u00bbdefault\u00bb global_colors_info=\u00bb{}\u00bb][et_pb_text disabled_on=\u00bbon|off|off\u00bb _builder_version=\u00bb4.16&#8243; _module_preset=\u00bbdefault\u00bb text_text_color=\u00bbgcid-09148d61-ccf6-45b5-a599-c9b186d63edb\u00bb text_font_size=\u00bb9px\u00bb custom_margin=\u00bb-25px||||false|false\u00bb global_colors_info=\u00bb{%22gcid-09148d61-ccf6-45b5-a599-c9b186d63edb%22:%91%22text_text_color%22%93}\u00bb]<\/p>\n<p style=\"text-align: right;\">Foto: H_Ko-Adobe Stock<\/p>\n<p>[\/et_pb_text][\/et_pb_column][\/et_pb_row][\/et_pb_section][et_pb_section fb_built=\u00bb1&#8243; make_equal=\u00bbon\u00bb use_custom_gutter=\u00bbon\u00bb gutter_width=\u00bb2&#8243; specialty=\u00bbon\u00bb _builder_version=\u00bb4.16&#8243; global_colors_info=\u00bb{}\u00bb][et_pb_column type=\u00bb1_2&#8243; specialty_columns=\u00bb2&#8243; _builder_version=\u00bb4.16&#8243; custom_padding=\u00bb|||\u00bb global_colors_info=\u00bb{}\u00bb parallax__hover=\u00bboff\u00bb parallax_method__hover=\u00bbon\u00bb custom_padding__hover=\u00bb|||\u00bb][et_pb_row_inner disabled_on=\u00bbon|off|off\u00bb _builder_version=\u00bb4.17.1&#8243; global_colors_info=\u00bb{}\u00bb][et_pb_column_inner saved_specialty_column_type=\u00bb1_2&#8243; _builder_version=\u00bb4.16&#8243; custom_padding=\u00bb|||\u00bb global_colors_info=\u00bb{}\u00bb parallax__hover=\u00bboff\u00bb parallax_method__hover=\u00bbon\u00bb custom_padding__hover=\u00bb|||\u00bb][et_pb_text _builder_version=\u00bb4.16&#8243; text_font=\u00bb||||||||\u00bb header_font=\u00bb||||||||\u00bb header_text_align=\u00bbcenter\u00bb header_2_font=\u00bb|700||on|||||\u00bb header_2_text_color=\u00bbgcid-0a4b8514-58d9-4d28-81c8-4795182d86df\u00bb header_2_font_size=\u00bb28px\u00bb text_orientation=\u00bbcenter\u00bb custom_margin=\u00bb-14px|||||\u00bb custom_padding=\u00bb17px|||||\u00bb global_colors_info=\u00bb{%22gcid-0a4b8514-58d9-4d28-81c8-4795182d86df%22:%91%22header_2_text_color%22%93}\u00bb]<\/p>\n<div class=\"dct-title clearfix\">\n<h2 class=\"hadding\">\u00bfQu\u00e9 hace un especialista en pulm\u00f3n?<\/h2>\n<p>Aqu\u00ed todo gira en torno al \u00f3rgano respiratorio.<\/p>\n<\/div>\n<p>[\/et_pb_text][et_pb_text _builder_version=\u00bb4.16.0&#8243; _module_preset=\u00bbdefault\u00bb global_colors_info=\u00bb{}\u00bb]<\/p>\n<p>El neum\u00f3logo (tambi\u00e9n neumolog\u00eda) se ocupa de la profilaxis, diagn\u00f3stico y tratamiento conservador de las enfermedades de los pulmones, bronquios y pleura. Tambi\u00e9n se ocupa del cuidado posterior de enfermedades cr\u00f3nicas como el asma o la bronquitis. A diferencia de la disciplina quir\u00fargica, la cirug\u00eda tor\u00e1cica, en la que se realizan intervenciones quir\u00fargicas en los pulmones y en todo el t\u00f3rax, el neum\u00f3logo utiliza \u00fanicamente formas de tratamiento conservadoras.<\/p>\n<p>Su \u00e1rea de responsabilidad incluye el tratamiento de enfermedades asm\u00e1ticas, bronquitis aguda y cr\u00f3nica, EPOC, enfermedades de la pleura y fibrosis qu\u00edstica. Los pacientes que sufren de apnea del sue\u00f1o o que est\u00e1n atormentados por alergias tambi\u00e9n pueden acudir a un neum\u00f3logo.<\/p>\n<p><strong>Consulte a un neum\u00f3logo si tiene ronquidos o apnea del sue\u00f1o.<\/strong><br \/>Adem\u00e1s de las enfermedades pulmonares agudas y, a veces, graves, el neum\u00f3logo tambi\u00e9n puede ser el contacto adecuado si los pacientes tienen problemas para dormir, ya sea debido a ronquidos masivos o apnea del sue\u00f1o estresante. Junto con el neum\u00f3logo, se puede encontrar la causa de los problemas nocturnos y se puede elaborar un m\u00e9todo de terapia adecuado.<\/p>\n<p>&nbsp;<\/p>\n<p>[\/et_pb_text][\/et_pb_column_inner][\/et_pb_row_inner][\/et_pb_column][et_pb_column type=\u00bb1_2&#8243; _builder_version=\u00bb4.16&#8243; custom_padding=\u00bb|||\u00bb global_colors_info=\u00bb{}\u00bb parallax__hover=\u00bboff\u00bb parallax_method__hover=\u00bbon\u00bb custom_padding__hover=\u00bb|||\u00bb][et_pb_text _builder_version=\u00bb4.16.0&#8243; text_font=\u00bb||||||||\u00bb header_font=\u00bb||||||||\u00bb header_text_align=\u00bbcenter\u00bb header_2_font=\u00bb|700||on|||||\u00bb header_2_text_color=\u00bbgcid-0a4b8514-58d9-4d28-81c8-4795182d86df\u00bb header_2_font_size=\u00bb30px\u00bb text_orientation=\u00bbcenter\u00bb custom_margin=\u00bb|||\u00bb global_colors_info=\u00bb{%22gcid-0a4b8514-58d9-4d28-81c8-4795182d86df%22:%91%22header_2_text_color%22%93}\u00bb]<\/p>\n<div class=\"dct-title clearfix\">\n<h2 class=\"hadding\">Nuestros servicios<\/h2>\n<p>Nuestra neumolog\u00eda en D\u00e9nia<\/p>\n<\/div>\n<p>[\/et_pb_text][et_pb_blurb use_icon=\u00bbon\u00bb font_icon=\u00bb&#x5a;||divi||400&#8243; _builder_version=\u00bb4.16&#8243; global_colors_info=\u00bb{}\u00bb]<\/p>\n<p>Rayos-X<\/p>\n<p>[\/et_pb_blurb][et_pb_blurb use_icon=\u00bbon\u00bb font_icon=\u00bb&#x5a;||divi||400&#8243; _builder_version=\u00bb4.16&#8243; global_colors_info=\u00bb{}\u00bb]<\/p>\n<p>Espirometr\u00eda<\/p>\n<p>[\/et_pb_blurb][et_pb_blurb use_icon=\u00bbon\u00bb font_icon=\u00bb&#x5a;||divi||400&#8243; _builder_version=\u00bb4.16&#8243; global_colors_info=\u00bb{}\u00bb]<\/p>\n<p>Broncoscopia<\/p>\n<p>[\/et_pb_blurb][et_pb_blurb use_icon=\u00bbon\u00bb font_icon=\u00bb&#x5a;||divi||400&#8243; _builder_version=\u00bb4.16&#8243; global_colors_info=\u00bb{}\u00bb]<\/p>\n<p>Ecograf\u00eda de los \u00f3rganos tor\u00e1cicos<\/p>\n<p>[\/et_pb_blurb][et_pb_blurb use_icon=\u00bbon\u00bb font_icon=\u00bb&#x5a;||divi||400&#8243; _builder_version=\u00bb4.16&#8243; global_colors_info=\u00bb{}\u00bb]<\/p>\n<p>Medici\u00f3n de \u00f3xido n\u00edtrico para el control del asma<\/p>\n<p>[\/et_pb_blurb][et_pb_blurb use_icon=\u00bbon\u00bb font_icon=\u00bb&#x5a;||divi||400&#8243; _builder_version=\u00bb4.16&#8243; global_colors_info=\u00bb{}\u00bb]<\/p>\n<p>Laboratorio del sue\u00f1o<\/p>\n<p>[\/et_pb_blurb][\/et_pb_column][\/et_pb_section][et_pb_section fb_built=\u00bb1&#8243; _builder_version=\u00bb4.16&#8243; _module_preset=\u00bbdefault\u00bb global_colors_info=\u00bb{}\u00bb][et_pb_row _builder_version=\u00bb4.16&#8243; _module_preset=\u00bbdefault\u00bb global_colors_info=\u00bb{}\u00bb][et_pb_column type=\u00bb4_4&#8243; _builder_version=\u00bb4.16&#8243; _module_preset=\u00bbdefault\u00bb global_colors_info=\u00bb{}\u00bb][et_pb_text _builder_version=\u00bb4.16.0&#8243; text_font=\u00bb||||||||\u00bb header_font=\u00bb||||||||\u00bb header_text_align=\u00bbcenter\u00bb header_2_font=\u00bb|700||on|||||\u00bb header_2_text_color=\u00bbgcid-0a4b8514-58d9-4d28-81c8-4795182d86df\u00bb header_2_font_size=\u00bb30px\u00bb text_orientation=\u00bbcenter\u00bb custom_margin=\u00bb|||\u00bb custom_padding=\u00bb17px|||||\u00bb global_colors_info=\u00bb{%22gcid-0a4b8514-58d9-4d28-81c8-4795182d86df%22:%91%22header_2_text_color%22%93}\u00bb]<\/p>\n<div class=\"dct-title clearfix\">\n<h2 class=\"hadding\">\u00bfQu\u00e9 enfermedades trata el especialista en pulm\u00f3n?<\/h2>\n<p>Algunas de las \u00e1reas de aplicaci\u00f3n.<\/p>\n<\/div>\n<p>[\/et_pb_text][\/et_pb_column][\/et_pb_row][\/et_pb_section][et_pb_section fb_built=\u00bb1&#8243; _builder_version=\u00bb4.16&#8243; _module_preset=\u00bbdefault\u00bb global_colors_info=\u00bb{}\u00bb][et_pb_row _builder_version=\u00bb4.16&#8243; _module_preset=\u00bbdefault\u00bb global_colors_info=\u00bb{}\u00bb][et_pb_column type=\u00bb4_4&#8243; _builder_version=\u00bb4.16&#8243; _module_preset=\u00bbdefault\u00bb global_colors_info=\u00bb{}\u00bb][et_pb_toggle title=\u00bbAsma bronquial\u00bb open_toggle_text_color=\u00bbgcid-0a4b8514-58d9-4d28-81c8-4795182d86df\u00bb open_toggle_background_color=\u00bb#FFFFFF\u00bb closed_toggle_text_color=\u00bb#FFFFFF\u00bb closed_toggle_background_color=\u00bbgcid-0a4b8514-58d9-4d28-81c8-4795182d86df\u00bb _builder_version=\u00bb4.16&#8243; _module_preset=\u00bbdefault\u00bb title_text_color=\u00bb#FFFFFF\u00bb title_level=\u00bbh3&#8243; box_shadow_style=\u00bbpreset2&#8243; box_shadow_color=\u00bbgcid-0a4b8514-58d9-4d28-81c8-4795182d86df\u00bb global_colors_info=\u00bb{%22gcid-0a4b8514-58d9-4d28-81c8-4795182d86df%22:%91%22closed_toggle_background_color%22,%22open_toggle_text_color%22,%22box_shadow_color%22%93}\u00bb]<\/p>\n<p>El asma bronquial es una de las enfermedades pulmonares cr\u00f3nicas. El asma puede ser al\u00e9rgica o no al\u00e9rgica. Los s\u00edntomas en ambos casos son dificultad para respirar y ataques de tos.<\/p>\n<p>[\/et_pb_toggle][et_pb_toggle title=\u00bbEnfermedad Pulmonar Obstructiva Cr\u00f3nica (EPOC)\u00bb open_toggle_text_color=\u00bbgcid-0a4b8514-58d9-4d28-81c8-4795182d86df\u00bb open_toggle_background_color=\u00bb#FFFFFF\u00bb closed_toggle_text_color=\u00bb#FFFFFF\u00bb closed_toggle_background_color=\u00bbgcid-0a4b8514-58d9-4d28-81c8-4795182d86df\u00bb _builder_version=\u00bb4.16&#8243; _module_preset=\u00bbdefault\u00bb title_text_color=\u00bb#FFFFFF\u00bb title_level=\u00bbh3&#8243; box_shadow_style=\u00bbpreset2&#8243; box_shadow_color=\u00bbgcid-0a4b8514-58d9-4d28-81c8-4795182d86df\u00bb global_colors_info=\u00bb{%22gcid-0a4b8514-58d9-4d28-81c8-4795182d86df%22:%91%22closed_toggle_background_color%22,%22open_toggle_text_color%22,%22box_shadow_color%22%93}\u00bb]<\/p>\n<p>Esta enfermedad pulmonar cr\u00f3nica y progresiva se caracteriza por v\u00edas respiratorias inflamadas y permanentemente estrechadas. Los s\u00edntomas t\u00edpicos son tos con esputo y dificultad para respirar.<\/p>\n<p>[\/et_pb_toggle][et_pb_toggle title=\u00bbInfecci\u00f3n pulmonar\u00bb open_toggle_text_color=\u00bbgcid-0a4b8514-58d9-4d28-81c8-4795182d86df\u00bb open_toggle_background_color=\u00bb#FFFFFF\u00bb closed_toggle_text_color=\u00bb#FFFFFF\u00bb closed_toggle_background_color=\u00bbgcid-0a4b8514-58d9-4d28-81c8-4795182d86df\u00bb _builder_version=\u00bb4.16&#8243; _module_preset=\u00bbdefault\u00bb title_text_color=\u00bb#FFFFFF\u00bb title_level=\u00bbh3&#8243; box_shadow_style=\u00bbpreset2&#8243; box_shadow_color=\u00bbgcid-0a4b8514-58d9-4d28-81c8-4795182d86df\u00bb global_colors_info=\u00bb{%22gcid-0a4b8514-58d9-4d28-81c8-4795182d86df%22:%91%22closed_toggle_background_color%22,%22open_toggle_text_color%22,%22box_shadow_color%22%93}\u00bb]<\/p>\n<p>La neumon\u00eda es a menudo una consecuencia de las infecciones tard\u00edas de la gripe. La neumon\u00eda puede poner en peligro la vida, especialmente en personas mayores con enfermedades cr\u00f3nicas.<\/p>\n<p>[\/et_pb_toggle][et_pb_text _builder_version=\u00bb4.16.0&#8243; text_font=\u00bb||||||||\u00bb header_font=\u00bb||||||||\u00bb header_text_align=\u00bbcenter\u00bb header_2_font=\u00bb|700||on|||||\u00bb header_2_text_color=\u00bbgcid-0a4b8514-58d9-4d28-81c8-4795182d86df\u00bb header_2_font_size=\u00bb30px\u00bb header_4_font=\u00bb|700||on|||||\u00bb header_4_text_color=\u00bbgcid-0a4b8514-58d9-4d28-81c8-4795182d86df\u00bb header_4_font_size=\u00bb29px\u00bb text_orientation=\u00bbcenter\u00bb custom_margin=\u00bb||||false|false\u00bb custom_padding=\u00bb80px||||false|false\u00bb global_colors_info=\u00bb{%22gcid-0a4b8514-58d9-4d28-81c8-4795182d86df%22:%91%22header_2_text_color%22,%22header_4_text_color%22%93}\u00bb]<\/p>\n<div class=\"dct-title clearfix\">\n<h4 class=\"hadding\">Tu neum\u00f3logo en D\u00e9nia es la persona de contacto para, entre otras cosas<\/h4>\n<p>&nbsp;<\/p>\n<\/div>\n<p>[\/et_pb_text][\/et_pb_column][\/et_pb_row][\/et_pb_section][et_pb_section fb_built=\u00bb1&#8243; _builder_version=\u00bb4.16&#8243; _module_preset=\u00bbdefault\u00bb global_colors_info=\u00bb{}\u00bb][et_pb_row column_structure=\u00bb1_3,1_3,1_3&#8243; _builder_version=\u00bb4.16&#8243; _module_preset=\u00bbdefault\u00bb global_colors_info=\u00bb{}\u00bb][et_pb_column type=\u00bb1_3&#8243; _builder_version=\u00bb4.16&#8243; _module_preset=\u00bbdefault\u00bb global_colors_info=\u00bb{}\u00bb][et_pb_blurb use_icon=\u00bbon\u00bb font_icon=\u00bb&#xe04e;||divi||400&#8243; _builder_version=\u00bb4.16&#8243; body_font=\u00bb|600||on|||||\u00bb global_colors_info=\u00bb{}\u00bb]<\/p>\n<p>Tuberculosis pulmonar<\/p>\n<p>[\/et_pb_blurb][et_pb_blurb use_icon=\u00bbon\u00bb font_icon=\u00bb&#xe04e;||divi||400&#8243; _builder_version=\u00bb4.16&#8243; body_font=\u00bb|600||on|||||\u00bb global_colors_info=\u00bb{}\u00bb]<\/p>\n<p>Pleuritis<\/p>\n<p>[\/et_pb_blurb][et_pb_blurb use_icon=\u00bbon\u00bb font_icon=\u00bb&#xe04e;||divi||400&#8243; _builder_version=\u00bb4.16&#8243; body_font=\u00bb|600||on|||||\u00bb global_colors_info=\u00bb{}\u00bb]<\/p>\n<p>Fibrosis qu\u00edstica<\/p>\n<p>[\/et_pb_blurb][\/et_pb_column][et_pb_column type=\u00bb1_3&#8243; _builder_version=\u00bb4.16&#8243; _module_preset=\u00bbdefault\u00bb global_colors_info=\u00bb{}\u00bb][et_pb_blurb use_icon=\u00bbon\u00bb font_icon=\u00bb&#xe04e;||divi||400&#8243; _builder_version=\u00bb4.16&#8243; body_font=\u00bb|600||on|||||\u00bb global_colors_info=\u00bb{}\u00bb]<\/p>\n<p>Fibrosis pulmonar<\/p>\n<p>[\/et_pb_blurb][et_pb_blurb use_icon=\u00bbon\u00bb font_icon=\u00bb&#xe04e;||divi||400&#8243; _builder_version=\u00bb4.16&#8243; body_font=\u00bb|600||on|||||\u00bb global_colors_info=\u00bb{}\u00bb]<\/p>\n<p>Apnea del sue\u00f1o<\/p>\n<p>[\/et_pb_blurb][et_pb_blurb use_icon=\u00bbon\u00bb font_icon=\u00bb&#xe04e;||divi||400&#8243; _builder_version=\u00bb4.16&#8243; body_font=\u00bb|600||on|||||\u00bb global_colors_info=\u00bb{}\u00bb]<\/p>\n<p>Emb\u00f2lia pulmonar<\/p>\n<p>[\/et_pb_blurb][\/et_pb_column][et_pb_column type=\u00bb1_3&#8243; _builder_version=\u00bb4.16&#8243; _module_preset=\u00bbdefault\u00bb global_colors_info=\u00bb{}\u00bb][et_pb_blurb use_icon=\u00bbon\u00bb font_icon=\u00bb&#xe04e;||divi||400&#8243; _builder_version=\u00bb4.16&#8243; body_font=\u00bb|600||on|||||\u00bb global_colors_info=\u00bb{}\u00bb]<\/p>\n<p>Enfisema pulmonar<\/p>\n<p>[\/et_pb_blurb][et_pb_blurb use_icon=\u00bbon\u00bb font_icon=\u00bb&#xe04e;||divi||400&#8243; _builder_version=\u00bb4.16&#8243; body_font=\u00bb|600||on|||||\u00bb global_colors_info=\u00bb{}\u00bb]<\/p>\n<p>Alergias<\/p>\n<p>[\/et_pb_blurb][et_pb_blurb use_icon=\u00bbon\u00bb font_icon=\u00bb&#xe04e;||divi||400&#8243; _builder_version=\u00bb4.16&#8243; body_font=\u00bb|600||on|||||\u00bb global_colors_info=\u00bb{}\u00bb]<\/p>\n<p>Sarcoidosis<\/p>\n<p>[\/et_pb_blurb][\/et_pb_column][\/et_pb_row][\/et_pb_section][et_pb_section fb_built=\u00bb1&#8243; _builder_version=\u00bb4.16&#8243; _module_preset=\u00bbdefault\u00bb global_colors_info=\u00bb{}\u00bb][et_pb_row _builder_version=\u00bb4.16&#8243; _module_preset=\u00bbdefault\u00bb global_colors_info=\u00bb{}\u00bb][et_pb_column type=\u00bb4_4&#8243; _builder_version=\u00bb4.16&#8243; _module_preset=\u00bbdefault\u00bb global_colors_info=\u00bb{}\u00bb][et_pb_divider divider_weight=\u00bb4px\u00bb _builder_version=\u00bb4.16&#8243; _module_preset=\u00bbdefault\u00bb width=\u00bb52%\u00bb module_alignment=\u00bbcenter\u00bb global_colors_info=\u00bb{}\u00bb][\/et_pb_divider][\/et_pb_column][\/et_pb_row][\/et_pb_section][et_pb_section fb_built=\u00bb1&#8243; specialty=\u00bbon\u00bb _builder_version=\u00bb4.16&#8243; _module_preset=\u00bbdefault\u00bb global_colors_info=\u00bb{}\u00bb][et_pb_column type=\u00bb1_3&#8243; _builder_version=\u00bb4.16&#8243; custom_padding=\u00bb|||\u00bb global_colors_info=\u00bb{}\u00bb custom_padding__hover=\u00bb|||\u00bb][et_pb_text _builder_version=\u00bb4.16&#8243; text_font=\u00bb||||||||\u00bb header_font=\u00bb||||||||\u00bb header_text_align=\u00bbcenter\u00bb header_2_font=\u00bb|700||on|||||\u00bb header_2_text_color=\u00bbgcid-0a4b8514-58d9-4d28-81c8-4795182d86df\u00bb header_2_font_size=\u00bb30px\u00bb text_orientation=\u00bbcenter\u00bb custom_margin=\u00bb|||\u00bb global_colors_info=\u00bb{%22gcid-0a4b8514-58d9-4d28-81c8-4795182d86df%22:%91%22header_2_text_color%22%93}\u00bb]<\/p>\n<div class=\"dct-title clearfix\">\n<h2 class=\"hadding\">Tu especialista<\/h2>\n<p>&nbsp;<\/p>\n<\/div>\n<p>[\/et_pb_text][\/et_pb_column][et_pb_column type=\u00bb2_3&#8243; specialty_columns=\u00bb2&#8243; _builder_version=\u00bb4.16&#8243; custom_padding=\u00bb|||\u00bb global_colors_info=\u00bb{}\u00bb custom_padding__hover=\u00bb|||\u00bb][et_pb_row_inner column_structure=\u00bb1_2,1_2&#8243; _builder_version=\u00bb4.16&#8243; _module_preset=\u00bbdefault\u00bb global_colors_info=\u00bb{}\u00bb][et_pb_column_inner type=\u00bb1_2&#8243; saved_specialty_column_type=\u00bb2_3&#8243; _builder_version=\u00bb4.16&#8243; _module_preset=\u00bbdefault\u00bb global_colors_info=\u00bb{}\u00bb][et_pb_team_member name=\u00bbDr Isabel amara\u00bb image_url=\u00bbhttps:\/\/pglorieta.com\/wp-content\/uploads\/2022\/03\/Dr-Isabel-Amara.jpg\u00bb facebook_url=\u00bbhttps:\/\/www.facebook.com\/pglorieta\u00bb twitter_url=\u00bbhttps:\/\/twitter.com\/PCGlorieta\u00bb linkedin_url=\u00bbhttps:\/\/www.linkedin.com\/company\/clinica-glorieta\u00bb db_instagram=\u00bbhttps:\/\/www.instagram.com\/policlinicaglorieta\/\u00bb db_link_target=\u00bbon\u00bb module_class=\u00bbdct_dr_4&#8243; _builder_version=\u00bb4.16.0&#8243; custom_padding=\u00bb||40px||false|false\u00bb global_colors_info=\u00bb{}\u00bb]<\/p>\n<p>Especialista en medicina pulmonar<\/p>\n<p>[\/et_pb_team_member][\/et_pb_column_inner][et_pb_column_inner type=\u00bb1_2&#8243; saved_specialty_column_type=\u00bb2_3&#8243; _builder_version=\u00bb4.16&#8243; _module_preset=\u00bbdefault\u00bb global_colors_info=\u00bb{}\u00bb][\/et_pb_column_inner][\/et_pb_row_inner][\/et_pb_column][\/et_pb_section][et_pb_section fb_built=\u00bb1&#8243; _builder_version=\u00bb4.16&#8243; _module_preset=\u00bbdefault\u00bb global_colors_info=\u00bb{}\u00bb][et_pb_row _builder_version=\u00bb4.16&#8243; _module_preset=\u00bbdefault\u00bb global_colors_info=\u00bb{}\u00bb][et_pb_column type=\u00bb4_4&#8243; _builder_version=\u00bb4.16&#8243; _module_preset=\u00bbdefault\u00bb global_colors_info=\u00bb{}\u00bb][et_pb_divider divider_weight=\u00bb4px\u00bb _builder_version=\u00bb4.16&#8243; _module_preset=\u00bbdefault\u00bb width=\u00bb52%\u00bb module_alignment=\u00bbcenter\u00bb global_colors_info=\u00bb{}\u00bb][\/et_pb_divider][\/et_pb_column][\/et_pb_row][\/et_pb_section][et_pb_section fb_built=\u00bb1&#8243; _builder_version=\u00bb4.16&#8243; _module_preset=\u00bbdefault\u00bb global_colors_info=\u00bb{}\u00bb][et_pb_row use_custom_gutter=\u00bbon\u00bb gutter_width=\u00bb1&#8243; module_class=\u00bb et_pb_row_fullwidth\u00bb _builder_version=\u00bb3.25&#8243; width=\u00bb100%\u00bb width_tablet=\u00bb100%\u00bb width_phone=\u00bb100%\u00bb width_last_edited=\u00bbon|desktop\u00bb max_width=\u00bb100%\u00bb max_width_tablet=\u00bb100%\u00bb max_width_phone=\u00bb100%\u00bb max_width_last_edited=\u00bbon|desktop\u00bb custom_padding=\u00bb27px|0px|0|0px|false|false\u00bb make_fullwidth=\u00bbon\u00bb global_module=\u00bb368059&#8243; saved_tabs=\u00bball\u00bb global_colors_info=\u00bb{}\u00bb][et_pb_column type=\u00bb4_4&#8243; _builder_version=\u00bb4.16&#8243; custom_padding=\u00bb|||\u00bb global_colors_info=\u00bb{}\u00bb custom_padding__hover=\u00bb|||\u00bb][et_pb_cta title=\u00bb\u00a1Haga una cita ahora!\u00bb button_url=\u00bbhttps:\/\/pglorieta.com\/es\/contacto\/\u00bb button_text=\u00bbContacto\u00bb module_class=\u00bbdct_cta_1&#8243; _builder_version=\u00bb4.17.1&#8243; header_text_color=\u00bb#FFFFFF\u00bb background_enable_color=\u00bboff\u00bb background_image=\u00bbhttps:\/\/pglorieta.com\/wp-content\/uploads\/2022\/03\/Hintergrund.jpg\u00bb background_position=\u00bbtop_center\u00bb background_blend=\u00bboverlay\u00bb custom_button=\u00bbon\u00bb button_text_size=\u00bb25px\u00bb button_font=\u00bb|||on|||||\u00bb button_icon=\u00bb&#x24;||divi||400&#8243; background_layout=\u00bblight\u00bb custom_padding=\u00bb120px||120px|\u00bb global_colors_info=\u00bb{}\u00bb]<\/p>\n<h3>\u00bfTiene alguna pregunta o le gustar\u00eda hacer una cita? \u00a1Nos complace estar aqu\u00ed para usted! Ll\u00e1manos o escr\u00edbenos.<\/h3>\n<p>[\/et_pb_cta][\/et_pb_column][\/et_pb_row][\/et_pb_section]<\/p>\n","protected":false},"excerpt":{"rendered":"<p>Tu neum\u00f3logo en D\u00e9nia Foto: H_Ko-Adobe Stock \u00bfQu\u00e9 hace un especialista en pulm\u00f3n? Aqu\u00ed todo gira en torno al \u00f3rgano respiratorio. El neum\u00f3logo (tambi\u00e9n neumolog\u00eda) se ocupa de la profilaxis, diagn\u00f3stico y tratamiento conservador de las enfermedades de los pulmones, bronquios y pleura. Tambi\u00e9n se ocupa del cuidado posterior de enfermedades cr\u00f3nicas como el asma [&hellip;]<\/p>\n","protected":false},"author":3,"featured_media":0,"parent":0,"menu_order":11,"comment_status":"closed","ping_status":"closed","template":"","meta":{"_et_pb_use_builder":"on","_et_pb_old_content":"","_et_gb_content_width":"","_glsr_average":0,"_glsr_ranking":0,"_glsr_reviews":0,"footnotes":""},"class_list":["post-369400","page","type-page","status-publish","hentry"],"_links":{"self":[{"href":"https:\/\/pglorieta.com\/es\/wp-json\/wp\/v2\/pages\/369400","targetHints":{"allow":["GET"]}}],"collection":[{"href":"https:\/\/pglorieta.com\/es\/wp-json\/wp\/v2\/pages"}],"about":[{"href":"https:\/\/pglorieta.com\/es\/wp-json\/wp\/v2\/types\/page"}],"author":[{"embeddable":true,"href":"https:\/\/pglorieta.com\/es\/wp-json\/wp\/v2\/users\/3"}],"replies":[{"embeddable":true,"href":"https:\/\/pglorieta.com\/es\/wp-json\/wp\/v2\/comments?post=369400"}],"version-history":[{"count":10,"href":"https:\/\/pglorieta.com\/es\/wp-json\/wp\/v2\/pages\/369400\/revisions"}],"predecessor-version":[{"id":372399,"href":"https:\/\/pglorieta.com\/es\/wp-json\/wp\/v2\/pages\/369400\/revisions\/372399"}],"wp:attachment":[{"href":"https:\/\/pglorieta.com\/es\/wp-json\/wp\/v2\/media?parent=369400"}],"curies":[{"name":"wp","href":"https:\/\/api.w.org\/{rel}","templated":true}]}}